{"id":788,"date":"2024-12-29T19:29:24","date_gmt":"2024-12-29T18:29:24","guid":{"rendered":"http:\/\/lartestunjardin.fr\/lartestunjardin\/?page_id=788"},"modified":"2025-06-17T21:30:45","modified_gmt":"2025-06-17T19:30:45","slug":"portraits","status":"publish","type":"page","link":"https:\/\/lartestunjardin.fr\/lartestunjardin\/portraits\/","title":{"rendered":"Portraits"},"content":{"rendered":"\n<h2 class=\"wp-block-heading has-ast-global-color-5-color has-ast-global-color-1-background-color has-text-color has-background has-link-color wp-elements-3cb12ea6e075b33251a7c5b9ee3b07aa\" style=\"border-style:none;border-width:0px;border-radius:0px;margin-top:0;margin-right:var(--wp--preset--spacing--20);margin-bottom:0;margin-left:var(--wp--preset--spacing--20);line-height:0\">LE  BUREAU :<\/h2>\n\n\n\n<div class=\"wp-block-uagb-container uagb-block-d5697483 alignfull uagb-is-root-container\"><div class=\"uagb-container-inner-blocks-wrap\">\n<div class=\"wp-block-uagb-container uagb-block-e575b440\">\n<p><strong><em>Enjou\u00e9e, dynamique et d\u2019une cr\u00e9ativit\u00e9 \u00e0 toute \u00e9preuve, Astrid a cette facult\u00e9 de percevoir le beau, la flamme, le chemin, m\u00eame l\u00e0 o\u00f9 la plupart ne verrait qu\u2019obscurit\u00e9 et impasse.\nSes 10 ann\u00e9es pass\u00e9es chez Habitat et Humanisme furent une exp\u00e9rience fondatrice \u00e0 l\u2019origine de la cr\u00e9ation et du lancement de L\u2019Art est un jardin. Astrid a pu mesurer combien permettre de toucher le beau, ouvrir \u00e0 la culture, faciliter l\u2019acc\u00e8s \u00e0 la pratique artistique \u00e9taient des d\u00e9clencheurs de bonheur et parfois de m\u00e9tamorphoses pour les personnes en situation de pr\u00e9carit\u00e9.\nElle a d\u00e9cid\u00e9 de se consacrer totalement \u00e0 cet objectif et a constitu\u00e9 une \u00e9quipe de choc pour l\u2019accompagner dans ce formidable projet. \n<\/em><\/strong><\/p>\n<\/div>\n\n\n\n<div class=\"wp-block-uagb-container uagb-layout-grid uagb-block-d7691f9d\">\n<div class=\"wp-block-columns is-layout-flex wp-container-core-columns-is-layout-d6d4bbd0 wp-block-columns-is-layout-flex\" style=\"padding-right:0;padding-left:0\">\n<div class=\"wp-block-column is-layout-flow wp-block-column-is-layout-flow\" style=\"padding-top:0;padding-bottom:0;flex-basis:44.44%\">\n<div class=\"wp-block-uagb-image alignleft uagb-block-160fdf2b wp-block-uagb-image--layout-default wp-block-uagb-image--effect-static wp-block-uagb-image--align-left\"><figure class=\"wp-block-uagb-image__figure\"><img decoding=\"async\" srcset=\"https:\/\/lartestunjardin.fr\/lartestunjardin\/wp-content\/uploads\/2025\/03\/Astrid.jpg ,https:\/\/lartestunjardin.fr\/lartestunjardin\/wp-content\/uploads\/2025\/03\/Astrid.jpg 780w, https:\/\/lartestunjardin.fr\/lartestunjardin\/wp-content\/uploads\/2025\/03\/Astrid.jpg 360w\" sizes=\"auto, (max-width: 480px) 150px\" src=\"https:\/\/lartestunjardin.fr\/lartestunjardin\/wp-content\/uploads\/2025\/03\/Astrid.jpg\" alt=\"\" class=\"uag-image-1012\" width=\"195\" height=\"195\" title=\"Astrid\" loading=\"lazy\" role=\"img\"\/><\/figure><\/div>\n<\/div>\n\n\n\n<div class=\"wp-block-column is-vertically-aligned-bottom is-layout-flow wp-block-column-is-layout-flow\" style=\"flex-basis:50.56%\">\n<p><strong>Astrid PERROY- Lyon (69)<\/strong><\/p>\n\n\n\n<pre class=\"wp-block-preformatted\" style=\"font-size:15px\"><strong>Pr\u00e9sidente<br>M\u00e9c\u00e9nat<br>Relations partenaires nationaux<br>Communication<br>Coordination Rh\u00f4ne<br><a href=\"mailto:a.perroy@lartestunjardin.fr\">a.perroy@lartestunjardin.fr<\/a><\/strong><br><\/pre>\n<\/div>\n<\/div>\n<\/div>\n<\/div><\/div>\n\n\n\n<div class=\"wp-block-uagb-container uagb-block-c0d888e7 alignfull uagb-is-root-container\"><div class=\"uagb-container-inner-blocks-wrap\">\n<div class=\"wp-block-uagb-container uagb-block-5c32eed6\">\n<p><strong><em><em>Fond\u00e9e de pouvoir \u00e0 la CNAV puis directrice de l\u2019animation pour Amnesty International France, j\u2019ai travaill\u00e9 dans le domaine de la protection sociale et des formations.<br>J\u2019ai ainsi d\u00e9couvert toute une diversit\u00e9 de situations de personnes dites vuln\u00e9rables.<br><strong>J\u2019ai men\u00e9 plusieurs exp\u00e9riences de b\u00e9n\u00e9volat : collectif prison, Petits fr\u00e8res des pauvres, Habitat et Humanisme.<br>Aujourd\u2019hui, je suis en charge des projets culturels parisiens de l\u2019Art est un Jardin et suis personne ressource avec mon exp\u00e9rience d\u2019accompagnement des personnes en situation de fragilit\u00e9.<\/strong><\/em><\/em><\/strong><\/p>\n<\/div>\n\n\n\n<div class=\"wp-block-uagb-container uagb-layout-grid uagb-block-06bf4f9d\">\n<div class=\"wp-block-columns is-layout-flex wp-container-core-columns-is-layout-d6d4bbd0 wp-block-columns-is-layout-flex\" style=\"padding-right:0;padding-left:0\">\n<div class=\"wp-block-column is-layout-flow wp-block-column-is-layout-flow\" style=\"padding-top:0;padding-bottom:0;flex-basis:44.44%\">\n<div class=\"wp-block-uagb-image alignleft uagb-block-356b467e wp-block-uagb-image--layout-default wp-block-uagb-image--effect-static wp-block-uagb-image--align-left\"><figure class=\"wp-block-uagb-image__figure\"><img decoding=\"async\" srcset=\"https:\/\/lartestunjardin.fr\/lartestunjardin\/wp-content\/uploads\/2025\/03\/Josette.jpg ,https:\/\/lartestunjardin.fr\/lartestunjardin\/wp-content\/uploads\/2025\/03\/Josette.jpg 780w, https:\/\/lartestunjardin.fr\/lartestunjardin\/wp-content\/uploads\/2025\/03\/Josette.jpg 360w\" sizes=\"auto, (max-width: 480px) 150px\" src=\"https:\/\/lartestunjardin.fr\/lartestunjardin\/wp-content\/uploads\/2025\/03\/Josette.jpg\" alt=\"\" class=\"uag-image-1022\" width=\"195\" height=\"195\" title=\"Josette\" loading=\"lazy\" role=\"img\"\/><\/figure><\/div>\n<\/div>\n\n\n\n<div class=\"wp-block-column is-vertically-aligned-bottom is-layout-flow wp-block-column-is-layout-flow\" style=\"flex-basis:50.56%\">\n<p><strong><strong>Josette BELZA<\/strong>CQ &#8211; Paris (75 )<\/strong><\/p>\n\n\n\n<pre class=\"wp-block-preformatted\" style=\"font-size:15px\"><strong>Josette BELZACQ <br>Vice-pr\u00e9sidente<br>Coordination IDF<br><a href=\"mailto:j.belzacq@lartestunjardin.fr\">j.belzacq@lartestunjardin.fr<\/a><\/strong><br><\/pre>\n<\/div>\n<\/div>\n<\/div>\n<\/div><\/div>\n\n\n\n<div class=\"wp-block-uagb-container uagb-block-0d760f8d alignfull uagb-is-root-container\"><div class=\"uagb-container-inner-blocks-wrap\">\n<div class=\"wp-block-uagb-container uagb-block-24de5723\">\n<p><strong><em><em><em>Je suis en charge des relations ext\u00e9rieures \u00e0 T\u00e9l\u00e9rama.<br><strong>De formation universitaire dans le domaine des Arts du Spectacle-Cin\u00e9ma, j\u2019ai une pratique artistique dans les domaines de la photographie, du dessin, de la peinture et de la c\u00e9ramique.<br>Je facilite les connexions avec les institutions culturelles et les artistes pour<\/strong><\/em><\/em><\/em><\/strong><em><strong> l&rsquo;association.<\/strong><\/em><strong><em><em><em><br>Je m\u2019occupe aussi de nos \u00e9v\u00e9nements parisiens et des relations presse.<\/em><\/em><\/em><\/strong><\/p>\n<\/div>\n\n\n\n<div class=\"wp-block-uagb-container uagb-layout-grid uagb-block-6bbb4aca\">\n<div class=\"wp-block-columns is-layout-flex wp-container-core-columns-is-layout-d6d4bbd0 wp-block-columns-is-layout-flex\" style=\"padding-right:0;padding-left:0\">\n<div class=\"wp-block-column is-layout-flow wp-block-column-is-layout-flow\" style=\"padding-top:0;padding-bottom:0;flex-basis:44.44%\">\n<div class=\"wp-block-uagb-image alignleft uagb-block-ff381dad wp-block-uagb-image--layout-default wp-block-uagb-image--effect-static wp-block-uagb-image--align-left\"><figure class=\"wp-block-uagb-image__figure\"><img decoding=\"async\" srcset=\"https:\/\/lartestunjardin.fr\/lartestunjardin\/wp-content\/uploads\/2025\/03\/Anne.jpg ,https:\/\/lartestunjardin.fr\/lartestunjardin\/wp-content\/uploads\/2025\/03\/Anne.jpg 780w, https:\/\/lartestunjardin.fr\/lartestunjardin\/wp-content\/uploads\/2025\/03\/Anne.jpg 360w\" sizes=\"auto, (max-width: 480px) 150px\" src=\"https:\/\/lartestunjardin.fr\/lartestunjardin\/wp-content\/uploads\/2025\/03\/Anne.jpg\" alt=\"\" class=\"uag-image-1027\" width=\"195\" height=\"195\" title=\"Anne\" loading=\"lazy\" role=\"img\"\/><\/figure><\/div>\n<\/div>\n\n\n\n<div class=\"wp-block-column is-vertically-aligned-bottom is-layout-flow wp-block-column-is-layout-flow\" style=\"flex-basis:50.56%\">\n<p><strong><strong><strong>Anne de LAGARDE &#8211; Paris (75)<\/strong><\/strong><\/strong><\/p>\n\n\n\n<pre class=\"wp-block-preformatted\" style=\"font-size:15px\"><strong>Vice-pr\u00e9sidente<br>Facilitatrice pour les mises en lien, r\u00e9seaux<br><a href=\"mailto:a.delagarde@lartestunjardin.fr\">a.delagarde@lartestunjardin.fr<\/a><br><\/strong><\/pre>\n<\/div>\n<\/div>\n<\/div>\n<\/div><\/div>\n\n\n\n<div class=\"wp-block-uagb-container uagb-block-256ab5c3 alignfull uagb-is-root-container\"><div class=\"uagb-container-inner-blocks-wrap\">\n<div class=\"wp-block-uagb-container uagb-block-40726d5d\">\n<p><strong><em><em>B\u00e9n\u00e9vole lors de mes \u00e9tudes \u00e0 l\u2019association Valentin Ha\u00fcy, \u00e9lev\u00e9e dans les valeurs du scoutisme, j\u2019ai toujours \u00e9t\u00e9 attentive aux personnes en situation de fragilit\u00e9.<br><strong>Juriste en droit du travail au sein du syndicat de la conf\u00e9d\u00e9ration fran\u00e7aise de l\u2019encadrement, j\u2019appr\u00e9cie lorsque nous parvenons \u00e0 obtenir le r\u00e9tablissement des droits du salari\u00e9 parfois en souffrance.<\/strong><\/em><\/em><\/strong><\/p>\n<\/div>\n\n\n\n<div class=\"wp-block-uagb-container uagb-layout-grid uagb-block-7e966b87\">\n<div class=\"wp-block-columns is-layout-flex wp-container-core-columns-is-layout-d6d4bbd0 wp-block-columns-is-layout-flex\" style=\"padding-right:0;padding-left:0\">\n<div class=\"wp-block-column is-layout-flow wp-block-column-is-layout-flow\" style=\"padding-top:0;padding-bottom:0;flex-basis:44.44%\">\n<div class=\"wp-block-uagb-image alignleft uagb-block-96f843b1 wp-block-uagb-image--layout-default wp-block-uagb-image--effect-static wp-block-uagb-image--align-left\"><figure class=\"wp-block-uagb-image__figure\"><img decoding=\"async\" srcset=\"https:\/\/lartestunjardin.fr\/lartestunjardin\/wp-content\/uploads\/2025\/03\/Caroline.jpg ,https:\/\/lartestunjardin.fr\/lartestunjardin\/wp-content\/uploads\/2025\/03\/Caroline.jpg 780w, https:\/\/lartestunjardin.fr\/lartestunjardin\/wp-content\/uploads\/2025\/03\/Caroline.jpg 360w\" sizes=\"auto, (max-width: 480px) 150px\" src=\"https:\/\/lartestunjardin.fr\/lartestunjardin\/wp-content\/uploads\/2025\/03\/Caroline.jpg\" alt=\"\" class=\"uag-image-1014\" width=\"195\" height=\"195\" title=\"Caroline\" loading=\"lazy\" role=\"img\"\/><\/figure><\/div>\n<\/div>\n\n\n\n<div class=\"wp-block-column is-vertically-aligned-bottom is-layout-flow wp-block-column-is-layout-flow\" style=\"flex-basis:50.56%\">\n<p><strong><strong>Caroline REY-TELLIER &#8211; Lyon (69)<\/strong><\/strong><\/p>\n\n\n\n<pre class=\"wp-block-preformatted\" style=\"font-size:15px\"><strong>Secr\u00e9taire<br>Juridique, RH<br><br><\/strong><\/pre>\n<\/div>\n<\/div>\n<\/div>\n<\/div><\/div>\n\n\n\n<div class=\"wp-block-uagb-container uagb-block-0c4096bf alignfull uagb-is-root-container\"><div class=\"uagb-container-inner-blocks-wrap\">\n<div class=\"wp-block-uagb-container uagb-block-db26c79d\">\n<p><strong><em><em><em>Mes activit\u00e9s professionnelles et le temps que j\u2019ai souhait\u00e9 r\u00e9server \u00e0 mes enfants ne m\u2019ont pas laiss\u00e9 la possibilit\u00e9 de m\u2019investir dans des missions de b\u00e9n\u00e9volat comme je l\u2019aurais souhait\u00e9.<br>J\u2019ai toutefois pr\u00e9sid\u00e9 l\u2019association \u00ab Enfance et familles d\u2019adoption \u00bb du Rh\u00f4ne (membre de l\u2019UDAF 69 et du Conseil des Familles du d\u00e9partement du Rh\u00f4ne) pendant plusieurs ann\u00e9es.<br>Une grande partie de ma carri\u00e8re a \u00e9t\u00e9 consacr\u00e9e \u00e0 la s\u00e9curit\u00e9 priv\u00e9e, je dirige actuellement une entreprise de s\u00e9curit\u00e9.<br><strong>J\u2019ai souhait\u00e9 participer au d\u00e9veloppement de l\u2019association car je suis sensible aux situations d\u2019isolement et aux fragilit\u00e9s.<br>Je suis particuli\u00e8rement heureux d\u2019observer la joie et l\u2019int\u00e9r\u00eat des personnes qui ont pu participer \u00e0 des projets culturels que nous avons d\u00e9ploy\u00e9s.<\/strong><\/em><\/em><\/em><\/strong><\/p>\n<\/div>\n\n\n\n<div class=\"wp-block-uagb-container uagb-layout-grid uagb-block-91bfd9a4\">\n<div class=\"wp-block-columns is-layout-flex wp-container-core-columns-is-layout-d6d4bbd0 wp-block-columns-is-layout-flex\" style=\"padding-right:0;padding-left:0\">\n<div class=\"wp-block-column is-layout-flow wp-block-column-is-layout-flow\" style=\"padding-top:0;padding-bottom:0;flex-basis:44.44%\">\n<div class=\"wp-block-uagb-image alignleft uagb-block-b61104e6 wp-block-uagb-image--layout-default wp-block-uagb-image--effect-static wp-block-uagb-image--align-left\"><figure class=\"wp-block-uagb-image__figure\"><img decoding=\"async\" srcset=\"https:\/\/lartestunjardin.fr\/lartestunjardin\/wp-content\/uploads\/2025\/03\/Laurent.jpg ,https:\/\/lartestunjardin.fr\/lartestunjardin\/wp-content\/uploads\/2025\/03\/Laurent.jpg 780w, https:\/\/lartestunjardin.fr\/lartestunjardin\/wp-content\/uploads\/2025\/03\/Laurent.jpg 360w\" sizes=\"auto, (max-width: 480px) 150px\" src=\"https:\/\/lartestunjardin.fr\/lartestunjardin\/wp-content\/uploads\/2025\/03\/Laurent.jpg\" alt=\"\" class=\"uag-image-1023\" width=\"195\" height=\"195\" title=\"Laurent\" loading=\"lazy\" role=\"img\"\/><\/figure><\/div>\n<\/div>\n\n\n\n<div class=\"wp-block-column is-vertically-aligned-bottom is-layout-flow wp-block-column-is-layout-flow\" style=\"flex-basis:50.56%\">\n<p><strong><strong><strong>Laurent PICHON &#8211; Lyon (69)<\/strong><\/strong><\/strong><\/p>\n\n\n\n<pre class=\"wp-block-preformatted\" style=\"font-size:15px\"><strong>Tr\u00e9sorier<br><\/strong><br><strong><br><\/strong><\/pre>\n<\/div>\n<\/div>\n<\/div>\n<\/div><\/div>\n\n\n\n<h2 class=\"wp-block-heading has-ast-global-color-5-color has-ast-global-color-1-background-color has-text-color has-background has-link-color wp-elements-148fc3f7a9504d71d6c888c2e1b4fb6e\" style=\"border-style:none;border-width:0px;border-radius:0px;margin-top:0;margin-right:var(--wp--preset--spacing--20);margin-bottom:0;margin-left:var(--wp--preset--spacing--20);line-height:0\">LES SOUTIENS :<\/h2>\n\n\n\n<div class=\"wp-block-uagb-container uagb-block-419e2dd2 alignfull uagb-is-root-container\"><div class=\"uagb-container-inner-blocks-wrap\">\n<div class=\"wp-block-uagb-container uagb-block-39c12d93\">\n<p><strong><em><em><em><em><strong><em><em>Directrice artistique, graphiste, photographe et plasticienne,mais \u00e9galement art-th\u00e9rapeute, form\u00e9e aux Arts Appliqu\u00e9s et \u00e0 la Communication Visuelle \u00e0 S\u00e8vres, je me suis form\u00e9e par la suite au m\u00e9tier de \u00ab Praticien servant du jeu de peindre \u00bb avec Arno Stern, p\u00e9dagogue plasticien et scientifique, et au m\u00e9tier de \u00ab M\u00e9diatrice artistique en relation d\u2019aide \u00bb et Art-th\u00e9rapeute \u00e0 l\u2019 INECAT (Institut national d\u2019expression de cr\u00e9ation d\u2019art et transformation) j\u2019interviens dans les milieux du soin et du champ social.<br><strong>Je peux vous accompagner avec les arts plastiques (peinture, aquarelle, encres, craies grasses et s\u00e8ches, fusain, papiers, m\u00e9tal, textile, argile, \u00e9l\u00e9ments de la nature, etc.), la photographie et l&rsquo;\u00e9criture (po\u00e9sie, ha\u00efku, r\u00e9cit\u2026).<\/strong><\/em><\/em><\/strong><\/em><\/em><\/em><\/em><\/strong><\/p>\n<\/div>\n\n\n\n<div class=\"wp-block-uagb-container uagb-layout-grid uagb-block-d323b3dd\">\n<div class=\"wp-block-columns is-layout-flex wp-container-core-columns-is-layout-d6d4bbd0 wp-block-columns-is-layout-flex\" style=\"padding-right:0;padding-left:0\">\n<div class=\"wp-block-column is-layout-flow wp-block-column-is-layout-flow\" style=\"padding-top:0;padding-bottom:0;flex-basis:44.44%\">\n<div class=\"wp-block-uagb-image alignleft uagb-block-cf8a5b72 wp-block-uagb-image--layout-default wp-block-uagb-image--effect-static wp-block-uagb-image--align-left\"><figure class=\"wp-block-uagb-image__figure\"><img decoding=\"async\" srcset=\"https:\/\/lartestunjardin.fr\/lartestunjardin\/wp-content\/uploads\/2025\/03\/Helene.jpg ,https:\/\/lartestunjardin.fr\/lartestunjardin\/wp-content\/uploads\/2025\/03\/Helene.jpg 780w, https:\/\/lartestunjardin.fr\/lartestunjardin\/wp-content\/uploads\/2025\/03\/Helene.jpg 360w\" sizes=\"auto, (max-width: 480px) 150px\" src=\"https:\/\/lartestunjardin.fr\/lartestunjardin\/wp-content\/uploads\/2025\/03\/Helene.jpg\" alt=\"\" class=\"uag-image-1021\" width=\"195\" height=\"195\" title=\"Helene\" loading=\"lazy\" role=\"img\"\/><\/figure><\/div>\n<\/div>\n\n\n\n<div class=\"wp-block-column is-vertically-aligned-bottom is-layout-flow wp-block-column-is-layout-flow\" style=\"flex-basis:50.56%\">\n<p><strong><strong><strong><strong><strong><strong>H\u00e9l\u00e8ne BELZACQ- Vernon (27)<\/strong><\/strong><\/strong><\/strong><\/strong><\/strong><\/p>\n\n\n\n<pre class=\"wp-block-preformatted\" style=\"font-size:15px\"><strong>Graphisme<br>Coordination EURE<br><br><\/strong><\/pre>\n<\/div>\n<\/div>\n<\/div>\n<\/div><\/div>\n\n\n\n<div class=\"wp-block-uagb-container uagb-block-b682c665 alignfull uagb-is-root-container\"><div class=\"uagb-container-inner-blocks-wrap\">\n<div class=\"wp-block-uagb-container uagb-block-4a6a12ba\">\n<p><strong><em><em><em><em><strong><em>L\u2019Association d\u2019Astrid  est un beau projet d&rsquo;inclusion de nos ain\u00e9es et proches \u00ab <em>emp\u00each\u00e9s \u00bb.<br><strong>L&rsquo;acc\u00e8s \u00e0 la culture, \u00e0 l&rsquo;art et \u00e0 la connaissance doit leur \u00eatre facilit\u00e9.<\/strong><br>Je mets mes comp\u00e9tences en informatique au service de cette id\u00e9e.<\/em><\/em><\/strong><\/em><\/em><\/em><\/em><\/strong><\/p>\n<\/div>\n\n\n\n<div class=\"wp-block-uagb-container uagb-layout-grid uagb-block-99262400\">\n<div class=\"wp-block-columns is-layout-flex wp-container-core-columns-is-layout-d6d4bbd0 wp-block-columns-is-layout-flex\" style=\"padding-right:0;padding-left:0\">\n<div class=\"wp-block-column is-layout-flow wp-block-column-is-layout-flow\" style=\"padding-top:0;padding-bottom:0;flex-basis:44.44%\">\n<div class=\"wp-block-uagb-image alignleft uagb-block-5da735dd wp-block-uagb-image--layout-default wp-block-uagb-image--effect-static wp-block-uagb-image--align-left\"><figure class=\"wp-block-uagb-image__figure\"><img decoding=\"async\" srcset=\"https:\/\/lartestunjardin.fr\/lartestunjardin\/wp-content\/uploads\/2025\/03\/Bertrand.jpg ,https:\/\/lartestunjardin.fr\/lartestunjardin\/wp-content\/uploads\/2025\/03\/Bertrand.jpg 780w, https:\/\/lartestunjardin.fr\/lartestunjardin\/wp-content\/uploads\/2025\/03\/Bertrand.jpg 360w\" sizes=\"auto, (max-width: 480px) 150px\" src=\"https:\/\/lartestunjardin.fr\/lartestunjardin\/wp-content\/uploads\/2025\/03\/Bertrand.jpg\" alt=\"\" class=\"uag-image-1013\" width=\"173\" height=\"237\" title=\"Bertrand\" loading=\"lazy\" role=\"img\"\/><\/figure><\/div>\n<\/div>\n\n\n\n<div class=\"wp-block-column is-vertically-aligned-bottom is-layout-flow wp-block-column-is-layout-flow\" style=\"flex-basis:50.56%\">\n<p><strong><strong><strong><strong><strong>Bertrand LE CONTE &#8211; Lyon (69)<\/strong><\/strong><\/strong><\/strong><\/strong><\/p>\n\n\n\n<pre class=\"wp-block-preformatted\" style=\"font-size:15px\"><strong>Site internet<br><\/strong><br><\/pre>\n<\/div>\n<\/div>\n<\/div>\n<\/div><\/div>\n\n\n\n<div class=\"wp-block-uagb-container uagb-block-fa8b8969 alignfull uagb-is-root-container\"><div class=\"uagb-container-inner-blocks-wrap\">\n<div class=\"wp-block-uagb-container uagb-block-ddc28584\">\n<p><strong><em><em><em><em><strong><em>Psychologue du Travail, j\u2019ai une exp\u00e9rience en Entreprise au service du Personnel et du recrutement et dans le secteur de l&rsquo;insertion des jeunes de 16 \u00e0 25 ans avec la mise en \u0153uvre des politiques publiques de la jeunesse, recherche de financements, d\u00e9veloppements d&rsquo;actions avec des outils d&rsquo;\u00e9valuation.<br>J&rsquo;ai particip\u00e9 \u00e0 la cr\u00e9ation de la Mission Locale de Villeurbanne, avec une implication au niveau territorial, local, d\u00e9partemental, r\u00e9gional et national.<\/em><\/strong><\/em><\/em><\/em><\/em><\/strong><\/p>\n<\/div>\n\n\n\n<div class=\"wp-block-uagb-container uagb-layout-grid uagb-block-ef08ee35\">\n<div class=\"wp-block-columns is-layout-flex wp-container-core-columns-is-layout-d6d4bbd0 wp-block-columns-is-layout-flex\" style=\"padding-right:0;padding-left:0\">\n<div class=\"wp-block-column is-layout-flow wp-block-column-is-layout-flow\" style=\"padding-top:0;padding-bottom:0;flex-basis:44.44%\">\n<div class=\"wp-block-uagb-image alignleft uagb-block-d5682872 wp-block-uagb-image--layout-default wp-block-uagb-image--effect-static wp-block-uagb-image--align-left\"><figure class=\"wp-block-uagb-image__figure\"><img decoding=\"async\" srcset=\"https:\/\/lartestunjardin.fr\/lartestunjardin\/wp-content\/uploads\/2025\/03\/Danielle.jpg ,https:\/\/lartestunjardin.fr\/lartestunjardin\/wp-content\/uploads\/2025\/03\/Danielle.jpg 780w, https:\/\/lartestunjardin.fr\/lartestunjardin\/wp-content\/uploads\/2025\/03\/Danielle.jpg 360w\" sizes=\"auto, (max-width: 480px) 150px\" src=\"https:\/\/lartestunjardin.fr\/lartestunjardin\/wp-content\/uploads\/2025\/03\/Danielle.jpg\" alt=\"\" class=\"uag-image-1017\" width=\"195\" height=\"195\" title=\"Danielle\" loading=\"lazy\" role=\"img\"\/><\/figure><\/div>\n<\/div>\n\n\n\n<div class=\"wp-block-column is-vertically-aligned-bottom is-layout-flow wp-block-column-is-layout-flow\" style=\"flex-basis:50.56%\">\n<p><strong><strong><strong><strong><strong>Danielle PICHOT &#8211; Lyon (69)<\/strong><\/strong><\/strong><\/strong><\/strong><\/p>\n\n\n\n<pre class=\"wp-block-preformatted\" style=\"font-size:15px\"><strong>Soutien au d\u00e9veloppement national (Conseil, Administratif, RH)<br><\/strong><br><\/pre>\n<\/div>\n<\/div>\n<\/div>\n<\/div><\/div>\n\n\n\n<h2 class=\"wp-block-heading has-ast-global-color-5-color has-ast-global-color-1-background-color has-text-color has-background has-link-color wp-elements-5d4ac7664d0349d99a460e7c60087e2b\" style=\"border-style:none;border-width:0px;border-radius:0px;margin-top:0;margin-right:var(--wp--preset--spacing--20);margin-bottom:0;margin-left:var(--wp--preset--spacing--20);line-height:0\">LES ANTENNES  :<\/h2>\n\n\n\n<div class=\"wp-block-uagb-container uagb-block-0e34cf88 alignfull uagb-is-root-container\"><div class=\"uagb-container-inner-blocks-wrap\">\n<div class=\"wp-block-uagb-container uagb-block-e33e3da6\">\n<p><strong><em><em><em><em><strong><em>Apr\u00e8s une d\u00e9cennie de b\u00e9n\u00e9volat \u00e0 Nice et d\u2019engagement associatif au service de publics jeunes ou en situation de pr\u00e9carit\u00e9 (soutien \u00e0 la scolarit\u00e9, accompagnement dans le logement social, organisation de vacances et de sorties culturelles), je trouve mon inspiration dans la rencontre et le partage mais aussi dans le plaisir de b\u00e2tir et r\u00e9ussir des projets collectifs.<br><strong>L\u2019art et la culture \u00e0 la port\u00e9e de tous, en particulier des plus fragiles, sera ma ligne directrice dans mon action au sein de l&rsquo;association.<\/strong><\/em><\/strong><\/em><\/em><\/em><\/em><\/strong><\/p>\n<\/div>\n\n\n\n<div class=\"wp-block-uagb-container uagb-layout-grid uagb-block-5c872010\">\n<div class=\"wp-block-columns is-layout-flex wp-container-core-columns-is-layout-d6d4bbd0 wp-block-columns-is-layout-flex\" style=\"padding-right:0;padding-left:0\">\n<div class=\"wp-block-column is-layout-flow wp-block-column-is-layout-flow\" style=\"padding-top:0;padding-bottom:0;flex-basis:44.44%\">\n<div class=\"wp-block-uagb-image alignleft uagb-block-1e5bc60b wp-block-uagb-image--layout-default wp-block-uagb-image--effect-static wp-block-uagb-image--align-left\"><figure class=\"wp-block-uagb-image__figure\"><img decoding=\"async\" srcset=\"https:\/\/lartestunjardin.fr\/lartestunjardin\/wp-content\/uploads\/2025\/03\/Didier.jpg ,https:\/\/lartestunjardin.fr\/lartestunjardin\/wp-content\/uploads\/2025\/03\/Didier.jpg 780w, https:\/\/lartestunjardin.fr\/lartestunjardin\/wp-content\/uploads\/2025\/03\/Didier.jpg 360w\" sizes=\"auto, (max-width: 480px) 150px\" src=\"https:\/\/lartestunjardin.fr\/lartestunjardin\/wp-content\/uploads\/2025\/03\/Didier.jpg\" alt=\"\" class=\"uag-image-1019\" width=\"221\" height=\"185\" title=\"Didier\" loading=\"lazy\" role=\"img\"\/><\/figure><\/div>\n<\/div>\n\n\n\n<div class=\"wp-block-column is-vertically-aligned-bottom is-layout-flow wp-block-column-is-layout-flow\" style=\"flex-basis:50.56%\">\n<p><strong><strong><strong><strong><strong>Didier MAZ\u00c9-LAUNAY &#8211; Nice (06)<\/strong><\/strong><\/strong><\/strong><\/strong><\/p>\n\n\n\n<pre class=\"wp-block-preformatted\" style=\"font-size:15px\"><strong>Coordination Alpes-Maritimes<\/strong><br><br><strong><br><\/strong><\/pre>\n<\/div>\n<\/div>\n<\/div>\n<\/div><\/div>\n\n\n\n<div class=\"wp-block-uagb-container uagb-block-775901f1 alignfull uagb-is-root-container\"><div class=\"uagb-container-inner-blocks-wrap\">\n<div class=\"wp-block-uagb-container uagb-block-73b8694c\">\n<p style=\"margin-top:0;margin-bottom:0\"><strong>Michel :<br> L\u2019Art est un Jardin, un nom \u00e0 r\u00eaver le nez dans l\u2019herbe et les yeux dans les \u00e9toiles.<br>Quoi de plus pour \u00e9veiller ma curiosit\u00e9 et me donner l\u2019envie de m\u2019impliquer.<br>En regardant les lettres composant son nom, des mots refl\u00e9tant mon \u00e9tat d\u2019esprit sont venus :<br>L\u2019ART Lien &#8211; Accompagner &#8211; Rencontrer &#8211; Talents<br>EST Echanger &#8211; Solliciter &#8211; Transmettre<br>UN Unir &#8211; N\u00e9cessit\u00e9<br>JARDIN Jeux &#8211; Artistiques &#8211; Relier &#8211; Diff\u00e9rences &#8211; Innover &#8211; Nouveaut\u00e9<\/strong><\/p>\n\n\n\n<p style=\"margin-top:0;margin-bottom:0\"><strong>Myriam :<br>R\u00e9unissons dans ce jardin les belles volont\u00e9s pour donner \u00e0 voir, \u00e9couter, danser, participer, \u00e0 ceux qui, \u00e9tant donn\u00e9 leurs situations, sont \u00e9loign\u00e9s de l\u2019Art.<br>Semons dans ce jardin les graines artistiques pour voir appara\u00eetre des cr\u00e9ations extraordinaires et pour se dire que vraiment \u00ab l\u2019Art est un Jardin \u00bb.<\/strong><\/p>\n<\/div>\n\n\n\n<div class=\"wp-block-uagb-container uagb-layout-grid uagb-block-5bec9682\">\n<div class=\"wp-block-columns is-layout-flex wp-container-core-columns-is-layout-d6d4bbd0 wp-block-columns-is-layout-flex\" style=\"padding-right:0;padding-left:0\">\n<div class=\"wp-block-column is-layout-flow wp-block-column-is-layout-flow\" style=\"padding-top:0;padding-bottom:0;flex-basis:44.44%\">\n<div class=\"wp-block-columns is-layout-flex wp-container-core-columns-is-layout-28f84493 wp-block-columns-is-layout-flex\">\n<div class=\"wp-block-column is-layout-flow wp-block-column-is-layout-flow\">\n<figure class=\"wp-block-image size-full is-resized\"><img loading=\"lazy\" decoding=\"async\" width=\"179\" height=\"199\" src=\"https:\/\/lartestunjardin.fr\/lartestunjardin\/wp-content\/uploads\/2025\/03\/Michel.jpg\" alt=\"\" class=\"wp-image-1024\" style=\"width:186px;height:auto\"\/><\/figure>\n<\/div>\n\n\n\n<div class=\"wp-block-column is-layout-flow wp-block-column-is-layout-flow\">\n<figure class=\"wp-block-image size-full is-resized\"><img loading=\"lazy\" decoding=\"async\" width=\"149\" height=\"164\" src=\"https:\/\/lartestunjardin.fr\/lartestunjardin\/wp-content\/uploads\/2025\/03\/Myriam.jpg\" alt=\"\" class=\"wp-image-1025\" style=\"width:186px;height:auto\"\/><\/figure>\n<\/div>\n<\/div>\n<\/div>\n\n\n\n<div class=\"wp-block-column is-vertically-aligned-bottom is-layout-flow wp-block-column-is-layout-flow\" style=\"flex-basis:50.56%\">\n<p><strong><strong><strong><strong><strong><strong><strong><strong>Michel et Myriam HORQUIN- Bergerac (24)<\/strong><\/strong><\/strong><\/strong><\/strong><\/strong><\/strong><\/strong><\/p>\n\n\n\n<pre class=\"wp-block-preformatted\" style=\"font-size:15px\"><strong>Michel Horquin<\/strong><br><strong>Coordination DORDOGNE<\/strong><br><strong>En charge des visites guid\u00e9es \u00e0 distance<br><a href=\"mailto:m.horquin@lartestunjardin.fr\">m.horquin@lartestunjardin.fr<\/a><\/strong><br><br><strong>Myriam Horquin<\/strong><br><strong>Soutien coordination DORDOGNE<\/strong><\/pre>\n<\/div>\n<\/div>\n<\/div>\n<\/div><\/div>\n\n\n\n<div class=\"wp-block-uagb-container uagb-block-59f03af3 alignfull uagb-is-root-container\"><div class=\"uagb-container-inner-blocks-wrap\">\n<div class=\"wp-block-uagb-container uagb-block-62fec526\">\n<p><strong><em><em><em><em><strong><em><em>Homme aux mille m\u00e9tiers.<br>Amoureux des arbres et des for\u00eats, de litt\u00e9rature, de tout ce qui \u00e9l\u00e8ve l&rsquo;Homme \u2026 et la Femme, bien s\u00fbr,<br>Amoureux des Fables de Monsieur de la Fontaine, de son cousin Racine, de son ami Moli\u00e8re, de l&rsquo;inspirateur Shakespeare,<br><strong>J\u2019ai le go\u00fbt de vous faire d\u00e9couvrir les secr\u00e8tes correspondances entre notre \u00e9poque et les Si\u00e8cles qui nous inspirent.<\/strong><\/em><\/em><\/strong><\/em><\/em><\/em><\/em><\/strong><\/p>\n<\/div>\n\n\n\n<div class=\"wp-block-uagb-container uagb-layout-grid uagb-block-4cd2ad19\">\n<div class=\"wp-block-columns is-layout-flex wp-container-core-columns-is-layout-d6d4bbd0 wp-block-columns-is-layout-flex\" style=\"padding-right:0;padding-left:0\">\n<div class=\"wp-block-column is-layout-flow wp-block-column-is-layout-flow\" style=\"padding-top:0;padding-bottom:0;flex-basis:44.44%\">\n<div class=\"wp-block-uagb-image alignleft uagb-block-1a922e3d wp-block-uagb-image--layout-default wp-block-uagb-image--effect-static wp-block-uagb-image--align-left\"><figure class=\"wp-block-uagb-image__figure\"><img decoding=\"async\" srcset=\"https:\/\/lartestunjardin.fr\/lartestunjardin\/wp-content\/uploads\/2025\/03\/christophe.jpg ,https:\/\/lartestunjardin.fr\/lartestunjardin\/wp-content\/uploads\/2025\/03\/christophe.jpg 780w, https:\/\/lartestunjardin.fr\/lartestunjardin\/wp-content\/uploads\/2025\/03\/christophe.jpg 360w\" sizes=\"auto, (max-width: 480px) 150px\" src=\"https:\/\/lartestunjardin.fr\/lartestunjardin\/wp-content\/uploads\/2025\/03\/christophe.jpg\" alt=\"\" class=\"uag-image-1016\" width=\"195\" height=\"195\" title=\"christophe\" loading=\"lazy\" role=\"img\"\/><\/figure><\/div>\n<\/div>\n\n\n\n<div class=\"wp-block-column is-vertically-aligned-bottom is-layout-flow wp-block-column-is-layout-flow\" style=\"flex-basis:50.56%\">\n<p><strong><strong><strong><strong><strong><strong>Christophe ENGEL &#8211; Chambon (37)<\/strong><\/strong><\/strong><\/strong><\/strong><\/strong><\/p>\n\n\n\n<pre class=\"wp-block-preformatted\" style=\"font-size:15px\"><strong>Interventions artistiques<br><br><\/strong><br><strong><br><\/strong><\/pre>\n<\/div>\n<\/div>\n<\/div>\n<\/div><\/div>\n\n\n\n<div class=\"wp-block-uagb-container uagb-block-625158ee alignfull uagb-is-root-container\"><div class=\"uagb-container-inner-blocks-wrap\">\n<div class=\"wp-block-uagb-container uagb-block-899bd8a5\">\n<p><strong><em><em><em><em><strong><em><em><strong>P<\/strong><em><strong>rofesseur d\u2019anglais puis active dans plusieurs associations, j\u2019ai d\u00e9velopp\u00e9 des valeurs qui me sont ch\u00e8res : \u00c9coute, Accueil, Respect des diff\u00e9rences.<\/strong><br>Accompagnante, formatrice puis r\u00e9f\u00e9rente b\u00e9n\u00e9vole \u00e0 Habitat et Humanisme, j\u2019ai particip\u00e9 \u00e0 la mise en place de projets culturels.<br>Cette exp\u00e9rience a confirm\u00e9 que l\u2019art et la culture sont des outils indispensables pour mettre des \u00e9toiles dans les yeux de chacun d\u2019entre nous, ce qui me motive encore pour rejoindre l&rsquo;association.<\/em><\/em><\/em><\/strong><\/em><\/em><\/em><\/em><\/strong><\/p>\n<\/div>\n\n\n\n<div class=\"wp-block-uagb-container uagb-layout-grid uagb-block-bdbab26e\">\n<div class=\"wp-block-columns is-layout-flex wp-container-core-columns-is-layout-d6d4bbd0 wp-block-columns-is-layout-flex\" style=\"padding-right:0;padding-left:0\">\n<div class=\"wp-block-column is-layout-flow wp-block-column-is-layout-flow\" style=\"padding-top:0;padding-bottom:0;flex-basis:44.44%\">\n<div class=\"wp-block-uagb-image alignleft uagb-block-1181c06a wp-block-uagb-image--layout-default wp-block-uagb-image--effect-static wp-block-uagb-image--align-left\"><figure class=\"wp-block-uagb-image__figure\"><img decoding=\"async\" srcset=\"https:\/\/lartestunjardin.fr\/lartestunjardin\/wp-content\/uploads\/2025\/03\/DanielleBecot.jpg ,https:\/\/lartestunjardin.fr\/lartestunjardin\/wp-content\/uploads\/2025\/03\/DanielleBecot.jpg 780w, https:\/\/lartestunjardin.fr\/lartestunjardin\/wp-content\/uploads\/2025\/03\/DanielleBecot.jpg 360w\" sizes=\"auto, (max-width: 480px) 150px\" src=\"https:\/\/lartestunjardin.fr\/lartestunjardin\/wp-content\/uploads\/2025\/03\/DanielleBecot.jpg\" alt=\"\" class=\"uag-image-1018\" width=\"195\" height=\"195\" title=\"DanielleBecot\" loading=\"lazy\" role=\"img\"\/><\/figure><\/div>\n<\/div>\n\n\n\n<div class=\"wp-block-column is-vertically-aligned-bottom is-layout-flow wp-block-column-is-layout-flow\" style=\"flex-basis:50.56%\">\n<p><strong><strong><strong><strong><strong><strong>Dani\u00e8le BECOT  &#8211; Vannes (56)<\/strong><\/strong><\/strong><\/strong><\/strong><\/strong><\/p>\n\n\n\n<pre class=\"wp-block-preformatted\" style=\"font-size:15px\"><strong>Coordination MORBIHAN<br><a href=\"mailto:d.becot@lartestunjardin.fr\">d.becot@lartestunjardin.fr<\/a><\/strong><br><br><strong><br><\/strong><\/pre>\n<\/div>\n<\/div>\n<\/div>\n<\/div><\/div>\n\n\n\n<div class=\"wp-block-uagb-container uagb-block-5949dbac alignfull uagb-is-root-container\"><div class=\"uagb-container-inner-blocks-wrap\">\n<div class=\"wp-block-uagb-container uagb-block-1203ebbf\">\n<p style=\"margin-top:0;margin-bottom:0\"><strong><em><em><em><em><strong><em><strong>Didier :<\/strong><br>Com\u00e9dien depuis l\u2019\u00e2ge de 20 ans, en parall\u00e8le de mon activit\u00e9 professionnelle, j\u2019ai jou\u00e9 dans plus de 70 pi\u00e8ces dans tous les r\u00e9pertoires. J\u2019ai \u00e9galement cr\u00e9\u00e9 une troupe et fait plusieurs mises en sc\u00e8ne.<br><strong>Acteur, animateur de tables rondes et groupes de travail, intervenant \u00e0 la prise de parole en public\u2026, Je mets mes comp\u00e9tences \u00e0 disposition de l&rsquo;association pour proposer des animations aupr\u00e8s de personnes isol\u00e9es.<\/strong><\/em><\/strong><\/em><\/em><\/em><\/em><\/strong><\/p>\n\n\n\n<p style=\"margin-top:0;margin-bottom:0;padding-top:0;padding-bottom:0\"><strong><em><em><em><em><strong>Catherine :<\/strong><br><strong>J\u2019ai travaill\u00e9 30 ans \u00e0 la Fondation Gabriel-Fran\u00e7ois Richard qui accompagne dans leur projet de vie et leur int\u00e9gration sociale, des jeunes et adultes porteurs d\u2019un handicap moteur et\/ou neuromoteur.<\/strong><br>Aujourd\u2019hui \u00e0 la retraite, je souhaite soutenir l\u2019Art est un jardin dans ses projets de d\u00e9veloppement culturel.<\/em><\/em><\/em><\/em><\/strong><\/p>\n<\/div>\n\n\n\n<div class=\"wp-block-uagb-container uagb-layout-grid uagb-block-bd1cb4ed\">\n<div class=\"wp-block-columns is-layout-flex wp-container-core-columns-is-layout-d6d4bbd0 wp-block-columns-is-layout-flex\" style=\"padding-right:0;padding-left:0\">\n<div class=\"wp-block-column is-layout-flow wp-block-column-is-layout-flow\" style=\"padding-top:0;padding-bottom:0;flex-basis:44.44%\">\n<div class=\"wp-block-uagb-image alignleft uagb-block-7371c995 wp-block-uagb-image--layout-default wp-block-uagb-image--effect-static wp-block-uagb-image--align-left\"><figure class=\"wp-block-uagb-image__figure\"><img decoding=\"async\" srcset=\"https:\/\/lartestunjardin.fr\/lartestunjardin\/wp-content\/uploads\/2025\/03\/CatherineDidier.jpg ,https:\/\/lartestunjardin.fr\/lartestunjardin\/wp-content\/uploads\/2025\/03\/CatherineDidier.jpg 780w, https:\/\/lartestunjardin.fr\/lartestunjardin\/wp-content\/uploads\/2025\/03\/CatherineDidier.jpg 360w\" sizes=\"auto, (max-width: 480px) 150px\" src=\"https:\/\/lartestunjardin.fr\/lartestunjardin\/wp-content\/uploads\/2025\/03\/CatherineDidier.jpg\" alt=\"\" class=\"uag-image-1015\" width=\"250\" height=\"195\" title=\"CatherineDidier\" loading=\"lazy\" role=\"img\"\/><\/figure><\/div>\n<\/div>\n\n\n\n<div class=\"wp-block-column is-vertically-aligned-bottom is-layout-flow wp-block-column-is-layout-flow\" style=\"flex-basis:50.56%\">\n<p><strong><strong><strong><strong>Didier et Catherine  GINDRE<\/strong> &#8211; Lyon (69)<\/strong><\/strong><\/strong><\/p>\n\n\n\n<pre class=\"wp-block-preformatted\" style=\"font-size:15px\"><strong>Didier GINDRE<br>Animation Rh\u00f4ne<br>Futures interventions artistiques<br><br>Catherine GINDRE<br>Soutien au d\u00e9veloppement national (site internet)<br><a href=\"mailto:cd.gindre@lartestunjardin.fr\">cd.gindre@lartestunjardin.fr<\/a><\/strong><strong><\/strong><\/pre>\n<\/div>\n<\/div>\n<\/div>\n<\/div><\/div>\n\n\n\n<div class=\"wp-block-uagb-container uagb-block-34731cdc alignfull uagb-is-root-container\"><div class=\"uagb-container-inner-blocks-wrap\">\n<div class=\"wp-block-uagb-container uagb-block-bc783746\">\n<p><strong>L\u2019art et la culture sont mes passions.<br>De par mes exp\u00e9riences professionnelles aupr\u00e8s d\u2019enfants et adolescents en difficult\u00e9 en tant qu\u2019\u00e9ducatrice Montessori, je suis convaincue de l\u2019impact de la cr\u00e9ativit\u00e9 de la culture sur l\u2019\u00e9panouissement de la personne.<\/strong><\/p>\n<\/div>\n\n\n\n<div class=\"wp-block-uagb-container uagb-layout-grid uagb-block-37841bee\">\n<div class=\"wp-block-columns is-layout-flex wp-container-core-columns-is-layout-d6d4bbd0 wp-block-columns-is-layout-flex\" style=\"padding-right:0;padding-left:0\">\n<div class=\"wp-block-column is-layout-flow wp-block-column-is-layout-flow\" style=\"padding-top:0;padding-bottom:0;flex-basis:44.44%\">\n<div class=\"wp-block-uagb-image alignleft uagb-block-7c8850c9 wp-block-uagb-image--layout-default wp-block-uagb-image--effect-static wp-block-uagb-image--align-left\"><figure class=\"wp-block-uagb-image__figure\"><img decoding=\"async\" srcset=\"https:\/\/lartestunjardin.fr\/lartestunjardin\/wp-content\/uploads\/2025\/03\/Pascale.jpg ,https:\/\/lartestunjardin.fr\/lartestunjardin\/wp-content\/uploads\/2025\/03\/Pascale.jpg 780w, https:\/\/lartestunjardin.fr\/lartestunjardin\/wp-content\/uploads\/2025\/03\/Pascale.jpg 360w\" sizes=\"auto, (max-width: 480px) 150px\" src=\"https:\/\/lartestunjardin.fr\/lartestunjardin\/wp-content\/uploads\/2025\/03\/Pascale.jpg\" alt=\"\" class=\"uag-image-1026\" width=\"195\" height=\"195\" title=\"Pascale\" loading=\"lazy\" role=\"img\"\/><\/figure><\/div>\n<\/div>\n\n\n\n<div class=\"wp-block-column is-vertically-aligned-bottom is-layout-flow wp-block-column-is-layout-flow\" style=\"flex-basis:50.56%\">\n<p><strong><strong><strong><strong><strong><strong><strong><strong><strong>Pascale ARMANET &#8211; Lyon (69)<\/strong><\/strong><\/strong><\/strong><\/strong><\/strong><\/strong><\/strong><\/strong><\/p>\n\n\n\n<pre class=\"wp-block-preformatted\" style=\"font-size:15px\"><strong>Animation Rh\u00f4ne<br>Futures interventions artistiques<br><br><\/strong><br><strong><br><\/strong><\/pre>\n<\/div>\n<\/div>\n<\/div>\n<\/div><\/div>\n\n\n\n<p><\/p>\n","protected":false},"excerpt":{"rendered":"<p>LE BUREAU : Enjou\u00e9e, dynamique et d\u2019une cr\u00e9ativit\u00e9 \u00e0 toute \u00e9preuve, Astrid a cette facult\u00e9 de percevoir le beau, la flamme, le chemin, m\u00eame l\u00e0 o\u00f9 la plupart ne verrait qu\u2019obscurit\u00e9 et impasse. Ses 10 ann\u00e9es pass\u00e9es chez Habitat et Humanisme furent une exp\u00e9rience fondatrice \u00e0 l\u2019origine de la cr\u00e9ation et du lancement de L\u2019Art [&hellip;]<\/p>\n","protected":false},"author":1,"featured_media":0,"parent":0,"menu_order":0,"comment_status":"closed","ping_status":"closed","template":"","meta":{"_uag_custom_page_level_css":"","site-sidebar-layout":"default","site-content-layout":"","ast-site-content-layout":"","site-content-style":"default","site-sidebar-style":"default","ast-global-header-display":"","ast-banner-title-visibility":"","ast-main-header-display":"","ast-hfb-above-header-display":"","ast-hfb-below-header-display":"","ast-hfb-mobile-header-display":"","site-post-title":"disabled","ast-breadcrumbs-content":"","ast-featured-img":"","footer-sml-layout":"","theme-transparent-header-meta":"","adv-header-id-meta":"","stick-header-meta":"","header-above-stick-meta":"","header-main-stick-meta":"","header-below-stick-meta":"","astra-migrate-meta-layouts":"default","ast-page-background-enabled":"default","ast-page-background-meta":{"desktop":{"background-color":"var(--ast-global-color-4)","background-image":"","background-repeat":"repeat","background-position":"center center","background-size":"auto","background-attachment":"scroll","background-type":"","background-media":"","overlay-type":"","overlay-color":"","overlay-opacity":"","overlay-gradient":""},"tablet":{"background-color":"","background-image":"","background-repeat":"repeat","background-position":"center center","background-size":"auto","background-attachment":"scroll","background-type":"","background-media":"","overlay-type":"","overlay-color":"","overlay-opacity":"","overlay-gradient":""},"mobile":{"background-color":"","background-image":"","background-repeat":"repeat","background-position":"center center","background-size":"auto","background-attachment":"scroll","background-type":"","background-media":"","overlay-type":"","overlay-color":"","overlay-opacity":"","overlay-gradient":""}},"ast-content-background-meta":{"desktop":{"background-color":"var(--ast-global-color-5)","background-image":"","background-repeat":"repeat","background-position":"center center","background-size":"auto","background-attachment":"scroll","background-type":"","background-media":"","overlay-type":"","overlay-color":"","overlay-opacity":"","overlay-gradient":""},"tablet":{"background-color":"var(--ast-global-color-5)","background-image":"","background-repeat":"repeat","background-position":"center center","background-size":"auto","background-attachment":"scroll","background-type":"","background-media":"","overlay-type":"","overlay-color":"","overlay-opacity":"","overlay-gradient":""},"mobile":{"background-color":"var(--ast-global-color-5)","background-image":"","background-repeat":"repeat","background-position":"center center","background-size":"auto","background-attachment":"scroll","background-type":"","background-media":"","overlay-type":"","overlay-color":"","overlay-opacity":"","overlay-gradient":""}},"footnotes":""},"class_list":["post-788","page","type-page","status-publish","hentry"],"uagb_featured_image_src":{"full":false,"thumbnail":false,"medium":false,"medium_large":false,"large":false,"1536x1536":false,"2048x2048":false},"uagb_author_info":{"display_name":"admin4813","author_link":"https:\/\/lartestunjardin.fr\/lartestunjardin\/author\/admin4813\/"},"uagb_comment_info":0,"uagb_excerpt":"LE BUREAU : Enjou\u00e9e, dynamique et d\u2019une cr\u00e9ativit\u00e9 \u00e0 toute \u00e9preuve, Astrid a cette facult\u00e9 de percevoir le beau, la flamme, le chemin, m\u00eame l\u00e0 o\u00f9 la plupart ne verrait qu\u2019obscurit\u00e9 et impasse. Ses 10 ann\u00e9es pass\u00e9es chez Habitat et Humanisme furent une exp\u00e9rience fondatrice \u00e0 l\u2019origine de la cr\u00e9ation et du lancement de L\u2019Art\u2026","jetpack_sharing_enabled":true,"_links":{"self":[{"href":"https:\/\/lartestunjardin.fr\/lartestunjardin\/wp-json\/wp\/v2\/pages\/788","targetHints":{"allow":["GET"]}}],"collection":[{"href":"https:\/\/lartestunjardin.fr\/lartestunjardin\/wp-json\/wp\/v2\/pages"}],"about":[{"href":"https:\/\/lartestunjardin.fr\/lartestunjardin\/wp-json\/wp\/v2\/types\/page"}],"author":[{"embeddable":true,"href":"https:\/\/lartestunjardin.fr\/lartestunjardin\/wp-json\/wp\/v2\/users\/1"}],"replies":[{"embeddable":true,"href":"https:\/\/lartestunjardin.fr\/lartestunjardin\/wp-json\/wp\/v2\/comments?post=788"}],"version-history":[{"count":110,"href":"https:\/\/lartestunjardin.fr\/lartestunjardin\/wp-json\/wp\/v2\/pages\/788\/revisions"}],"predecessor-version":[{"id":1446,"href":"https:\/\/lartestunjardin.fr\/lartestunjardin\/wp-json\/wp\/v2\/pages\/788\/revisions\/1446"}],"wp:attachment":[{"href":"https:\/\/lartestunjardin.fr\/lartestunjardin\/wp-json\/wp\/v2\/media?parent=788"}],"curies":[{"name":"wp","href":"https:\/\/api.w.org\/{rel}","templated":true}]}}