{"id":1306,"date":"2025-03-30T20:24:11","date_gmt":"2025-03-30T18:24:11","guid":{"rendered":"https:\/\/lartestunjardin.fr\/lartestunjardin\/?page_id=1306"},"modified":"2025-06-17T21:26:39","modified_gmt":"2025-06-17T19:26:39","slug":"presentation","status":"publish","type":"page","link":"https:\/\/lartestunjardin.fr\/lartestunjardin\/","title":{"rendered":"Presentation"},"content":{"rendered":"\n<div class=\"wp-block-uagb-container uagb-block-6fc2af8b alignfull uagb-is-root-container\"><div class=\"uagb-container-inner-blocks-wrap\">\n<div class=\"wp-block-uagb-advanced-heading uagb-block-cf29f494\"><h2 class=\"uagb-heading-text\">Partager l&rsquo;\u00e9merveillement de la culture et<br>de l&rsquo;art avec les plus fragiles<\/h2><\/div>\n<\/div><\/div>\n\n\n\n<div class=\"wp-block-uagb-container uagb-block-4bbfc6dd alignfull uagb-is-root-container\"><div class=\"uagb-container-inner-blocks-wrap\">\n<div class=\"wp-block-columns uag-hide-mob is-layout-flex wp-container-core-columns-is-layout-28f84493 wp-block-columns-is-layout-flex\">\n<div class=\"wp-block-column is-vertically-aligned-center is-layout-flow wp-block-column-is-layout-flow\" style=\"flex-basis:25%\">\n<figure class=\"wp-block-image size-full is-resized\"><img decoding=\"async\" src=\"https:\/\/lartestunjardin.fr\/lartestunjardin\/wp-content\/uploads\/2025\/06\/LigneBleu-1.jpg\" alt=\"\" class=\"wp-image-1397\" style=\"width:300px\"\/><\/figure>\n<\/div>\n\n\n\n<div class=\"wp-block-column is-vertically-aligned-center uag-hide-mob is-layout-flow wp-block-column-is-layout-flow\" style=\"flex-basis:50%\">\n<div class=\"wp-block-uagb-container uagb-block-386d609c\">\n<figure class=\"wp-block-image aligncenter size-full is-resized\"><img loading=\"lazy\" decoding=\"async\" width=\"694\" height=\"541\" src=\"https:\/\/lartestunjardin.fr\/lartestunjardin\/wp-content\/uploads\/2024\/12\/FondEcran.png\" alt=\"\" class=\"wp-image-764\" style=\"width:490px;height:auto\" srcset=\"https:\/\/lartestunjardin.fr\/lartestunjardin\/wp-content\/uploads\/2024\/12\/FondEcran.png 694w, https:\/\/lartestunjardin.fr\/lartestunjardin\/wp-content\/uploads\/2024\/12\/FondEcran-300x234.png 300w\" sizes=\"auto, (max-width: 694px) 100vw, 694px\" \/><\/figure>\n<\/div>\n<\/div>\n\n\n\n<div class=\"wp-block-column is-vertically-aligned-center is-layout-flow wp-block-column-is-layout-flow\" style=\"flex-basis:25%\">\n<figure class=\"wp-block-image size-full is-resized is-style-default\"><img loading=\"lazy\" decoding=\"async\" width=\"400\" height=\"10\" src=\"https:\/\/lartestunjardin.fr\/lartestunjardin\/wp-content\/uploads\/2025\/06\/LigneBleu-1.jpg\" alt=\"\" class=\"wp-image-1399\" style=\"width:300px\" srcset=\"https:\/\/lartestunjardin.fr\/lartestunjardin\/wp-content\/uploads\/2025\/06\/LigneBleu-1.jpg 400w, https:\/\/lartestunjardin.fr\/lartestunjardin\/wp-content\/uploads\/2025\/06\/LigneBleu-1-300x8.jpg 300w\" sizes=\"auto, (max-width: 400px) 100vw, 400px\" \/><\/figure>\n<\/div>\n<\/div>\n<\/div><\/div>\n\n\n\n<div class=\"wp-block-uagb-container uagb-block-692f7194 alignfull uagb-is-root-container\"><div class=\"uagb-container-inner-blocks-wrap\">\n<section class=\"wp-block-uagb-columns uagb-columns__wrap uagb-columns__background-none uagb-columns__stack-mobile uagb-columns__valign-top uagb-columns__gap-10 alignfull uagb-block-a5cb736d uagb-columns__columns-3 uagb-columns__max_width-custom\"><div class=\"uagb-columns__overlay\"><\/div><div class=\"uagb-columns__inner-wrap uagb-columns__columns-3\">\n<div class=\"wp-block-uagb-column uagb-column__wrap uagb-column__background-undefined uagb-block-b8bc2538\"><div class=\"uagb-column__overlay\"><\/div><\/div>\n\n\n\n<div class=\"wp-block-uagb-column uagb-column__wrap uagb-column__background-undefined uagb-block-14bc2780\"><div class=\"uagb-column__overlay\"><\/div>\n<div class=\"wp-block-columns is-layout-flex wp-container-core-columns-is-layout-28f84493 wp-block-columns-is-layout-flex\">\n<div class=\"wp-block-column is-layout-flow wp-block-column-is-layout-flow\" style=\"flex-basis:100%\">\n<div class=\"wp-block-group is-layout-constrained wp-container-core-group-is-layout-12243e0f wp-block-group-is-layout-constrained\">\n<div class=\"wp-block-columns is-layout-flex wp-container-core-columns-is-layout-28f84493 wp-block-columns-is-layout-flex\">\n<div class=\"wp-block-column is-layout-flow wp-block-column-is-layout-flow\" style=\"flex-basis:10%\"><\/div>\n\n\n\n<div class=\"wp-block-column is-layout-flow wp-block-column-is-layout-flow\" style=\"padding-right:var(--wp--preset--spacing--40);padding-left:var(--wp--preset--spacing--40);flex-basis:80%\">\n<p class=\"has-medium-font-size\" style=\"border-style:none;border-width:0px;margin-top:0;margin-right:var(--wp--preset--spacing--20);margin-bottom:0;margin-left:var(--wp--preset--spacing--20);padding-top:0;padding-right:0;padding-bottom:0;padding-left:0\"><strong>L\u2019Art est un jardin<\/strong> est une association nationale cr\u00e9\u00e9e en juillet 2024 \u00e0 Azolette (Rh\u00f4ne) et pr\u00e9sente aujourd\u2019hui dans 7 d\u00e9partements.<br>\nElle rassemble des b\u00e9n\u00e9voles anim\u00e9s par la volont\u00e9 de d\u00e9velopper des projets favorisant l\u2019acc\u00e8s \u00e0 la culture et \u00e0 la pratique artistique aupr\u00e8s de personnes en situation de fragilit\u00e9.<br>Nous souhaitons : <\/p>\n\n\n\n<ul style=\"margin-top:0;margin-right:0;margin-bottom:0;margin-left:0\" class=\"wp-block-list\">\n<li class=\"has-medium-font-size\" style=\"margin-top:0;margin-right:var(--wp--preset--spacing--40);margin-bottom:0;margin-left:var(--wp--preset--spacing--40);padding-right:0;padding-left:0\">faciliter la diffusion de l\u2019offre culturelle disponible au niveau local et national aupr\u00e8s des \u00e9tablissements du champ social ;<\/li>\n\n\n\n<li class=\"has-medium-font-size\" style=\"margin-top:0;margin-right:var(--wp--preset--spacing--40);margin-bottom:0;margin-left:var(--wp--preset--spacing--40);padding-right:0;padding-left:0\">redonner une place \u00e0 la culture l\u00e0 o\u00f9 elle peine \u00e0 exister ;<\/li>\n\n\n\n<li class=\"has-medium-font-size\" style=\"margin-top:0;margin-right:var(--wp--preset--spacing--40);margin-bottom:0;margin-left:var(--wp--preset--spacing--40);padding-right:0;padding-left:0\">construire des projets qui favorisent les interactions et mettent en lumi\u00e8re les capacit\u00e9s cr\u00e9atives des personnes vuln\u00e9rables ;<\/li>\n\n\n\n<li class=\"has-medium-font-size\" style=\"margin-top:0;margin-right:var(--wp--preset--spacing--40);margin-bottom:0;margin-left:var(--wp--preset--spacing--40);padding-right:0;padding-left:0\">soutenir l\u2019Art pour tous.<\/li>\n<\/ul>\n<\/div>\n\n\n\n<div class=\"wp-block-column is-layout-flow wp-block-column-is-layout-flow\" style=\"flex-basis:10%\"><\/div>\n<\/div>\n<\/div>\n<\/div>\n<\/div>\n<\/div>\n\n\n\n<div class=\"wp-block-uagb-column uagb-column__wrap uagb-column__background-undefined uagb-block-2fdec60c\"><div class=\"uagb-column__overlay\"><\/div><\/div>\n<\/div><\/section>\n\n\n\n<div class=\"wp-block-columns is-layout-flex wp-container-core-columns-is-layout-9c22b1e3 wp-block-columns-is-layout-flex\">\n<div class=\"wp-block-column is-layout-flow wp-block-column-is-layout-flow\" style=\"flex-basis:18%\"><\/div>\n\n\n\n<div class=\"wp-block-column uag-hide-mob is-layout-flow wp-block-column-is-layout-flow\" style=\"flex-basis:0%\"><\/div>\n\n\n\n<div class=\"wp-block-column is-layout-flow wp-block-column-is-layout-flow\" style=\"flex-basis:74%\">\n<h2 class=\"wp-block-heading has-ast-global-color-2-color has-text-color has-link-color has-medium-font-size wp-elements-b8babf34604f4bacb138557196f3169d\" style=\"border-style:none;border-width:0px;margin-right:0;margin-left:0;padding-top:0;padding-right:var(--wp--preset--spacing--40);padding-bottom:0;padding-left:var(--wp--preset--spacing--40)\">Exemples d\u2019actions propos\u00e9es par l\u2019<strong>Art est un jardin<\/strong> :<\/h2>\n\n\n\n<ul style=\"border-style:none;border-width:0px;margin-top:0;margin-right:0;margin-bottom:0;margin-left:0;padding-top:0;padding-right:var(--wp--preset--spacing--70);padding-bottom:0;padding-left:var(--wp--preset--spacing--70)\" class=\"wp-block-list has-ast-global-color-7-color has-text-color has-link-color wp-elements-0f6629a052b55983174e0e0560e21396\">\n<li class=\"has-ast-global-color-2-color has-text-color has-link-color has-medium-font-size wp-elements-6f007ffa7d7a69378341f6eea74fa1b5\" style=\"border-style:none;border-width:0px;margin-top:0;margin-right:var(--wp--preset--spacing--30);margin-bottom:0;margin-left:var(--wp--preset--spacing--30);padding-top:0;padding-right:0;padding-bottom:0;padding-left:0\">Visites guid\u00e9es \u00e0 distance<\/li>\n\n\n\n<li class=\"has-ast-global-color-2-color has-text-color has-link-color has-medium-font-size wp-elements-ca03240170c542e759894e98f4655f1e\" style=\"margin-right:var(--wp--preset--spacing--20);margin-left:var(--wp--preset--spacing--20)\">M\u00e9diation hors-les-murs<\/li>\n\n\n\n<li class=\"has-ast-global-color-2-color has-text-color has-link-color has-medium-font-size wp-elements-fa4a601a147bb34ca882c8600593dcba\" style=\"margin-right:var(--wp--preset--spacing--20);margin-left:var(--wp--preset--spacing--20)\">Expositions itin\u00e9rantes<\/li>\n\n\n\n<li class=\"has-ast-global-color-2-color has-text-color has-link-color has-medium-font-size wp-elements-33db80d3cb440e3b31fed1676411a968\" style=\"margin-right:var(--wp--preset--spacing--20);margin-left:var(--wp--preset--spacing--20)\">Ateliers de pratiques artistiques<\/li>\n\n\n\n<li class=\"has-ast-global-color-2-color has-text-color has-link-color has-medium-font-size wp-elements-d9e2e2b7089a5c0be0e3d210a12e855a\" style=\"margin-right:var(--wp--preset--spacing--20);margin-left:var(--wp--preset--spacing--20)\">R\u00e9sidences d\u2019artistes<\/li>\n\n\n\n<li class=\"has-ast-global-color-2-color has-text-color has-link-color has-medium-font-size wp-elements-ca24851d25f8559d3d518cefcd3e8deb\" style=\"margin-right:var(--wp--preset--spacing--20);margin-left:var(--wp--preset--spacing--20)\">Interventions d\u2019artistes<\/li>\n\n\n\n<li class=\"has-ast-global-color-2-color has-text-color has-link-color has-medium-font-size wp-elements-58d0338b5f637046a767161ddd4e51d2\" style=\"margin-right:var(--wp--preset--spacing--20);margin-left:var(--wp--preset--spacing--20)\">Participation aux temps forts nationaux organis\u00e9s par le Minist\u00e8re de la Culture<\/li>\n<\/ul>\n<\/div>\n\n\n\n<div class=\"wp-block-column uag-hide-mob is-layout-flow wp-block-column-is-layout-flow\" style=\"flex-basis:1%\"><\/div>\n\n\n\n<div class=\"wp-block-column is-layout-flow wp-block-column-is-layout-flow\" style=\"flex-basis:20%\">\n<div class=\"wp-block-group uag-hide-tab is-nowrap is-layout-flex wp-container-core-group-is-layout-6c531013 wp-block-group-is-layout-flex\"><\/div>\n<\/div>\n<\/div>\n\n\n\n<div class=\"wp-block-uagb-container uagb-block-5ea2f935\">\n<div class=\"wp-block-uagb-container uagb-block-eeecb8da default uagb-is-root-container\">\n<blockquote class=\"wp-block-quote is-style-default is-layout-flow wp-container-core-quote-is-layout-89046a70 wp-block-quote-is-layout-flow\" style=\"margin-top:0;margin-right:0;margin-bottom:0;margin-left:0;padding-top:0;padding-bottom:0\">\n<p class=\"has-medium-font-size\" style=\"border-style:none;border-width:0px;margin-top:0;margin-right:0;margin-bottom:0;margin-left:0\">Nous sommes des <strong>facilitateurs<\/strong>, des traits d\u2019union, entre les structures culturelles ou les artistes et les \u00e9tablissements du champ social ou m\u00e9dico-social. <br><br> Nos interventions sont destin\u00e9es principalement \u00e0 des <strong>\u00e9tablissements \u00e0 but non lucratif, associatifs ou communaux, avec des ressources limit\u00e9es<\/strong>.<br><br>Nous recherchons des financements (subventions publiques, m\u00e9c\u00e8nes, fondations et donateurs) pour les projets que nous proposons aux \u00e9tablissements.<\/p>\n<\/blockquote>\n<\/div>\n<\/div>\n<\/div><\/div>\n\n\n\n<div class=\"wp-block-uagb-container uagb-block-4f8b4a82 alignfull uagb-is-root-container\"><div class=\"uagb-container-inner-blocks-wrap\"><\/div><\/div>\n","protected":false},"excerpt":{"rendered":"<p>Partager l&rsquo;\u00e9merveillement de la culture etde l&rsquo;art avec les plus fragiles L\u2019Art est un jardin est une association nationale cr\u00e9\u00e9e en juillet 2024 \u00e0 Azolette (Rh\u00f4ne) et pr\u00e9sente aujourd\u2019hui dans 7 d\u00e9partements. Elle rassemble des b\u00e9n\u00e9voles anim\u00e9s par la volont\u00e9 de d\u00e9velopper des projets favorisant l\u2019acc\u00e8s \u00e0 la culture et \u00e0 la pratique artistique aupr\u00e8s [&hellip;]<\/p>\n","protected":false},"author":1,"featured_media":0,"parent":0,"menu_order":0,"comment_status":"closed","ping_status":"closed","template":"","meta":{"_uag_custom_page_level_css":"","site-sidebar-layout":"default","site-content-layout":"","ast-site-content-layout":"","site-content-style":"default","site-sidebar-style":"default","ast-global-header-display":"","ast-banner-title-visibility":"","ast-main-header-display":"","ast-hfb-above-header-display":"","ast-hfb-below-header-display":"","ast-hfb-mobile-header-display":"","site-post-title":"disabled","ast-breadcrumbs-content":"","ast-featured-img":"","footer-sml-layout":"","theme-transparent-header-meta":"","adv-header-id-meta":"","stick-header-meta":"","header-above-stick-meta":"","header-main-stick-meta":"","header-below-stick-meta":"","astra-migrate-meta-layouts":"default","ast-page-background-enabled":"default","ast-page-background-meta":{"desktop":{"background-color":"var(--ast-global-color-4)","background-image":"","background-repeat":"repeat","background-position":"center center","background-size":"auto","background-attachment":"scroll","background-type":"","background-media":"","overlay-type":"","overlay-color":"","overlay-opacity":"","overlay-gradient":""},"tablet":{"background-color":"","background-image":"","background-repeat":"repeat","background-position":"center center","background-size":"auto","background-attachment":"scroll","background-type":"","background-media":"","overlay-type":"","overlay-color":"","overlay-opacity":"","overlay-gradient":""},"mobile":{"background-color":"","background-image":"","background-repeat":"repeat","background-position":"center center","background-size":"auto","background-attachment":"scroll","background-type":"","background-media":"","overlay-type":"","overlay-color":"","overlay-opacity":"","overlay-gradient":""}},"ast-content-background-meta":{"desktop":{"background-color":"var(--ast-global-color-5)","background-image":"","background-repeat":"repeat","background-position":"center center","background-size":"auto","background-attachment":"scroll","background-type":"","background-media":"","overlay-type":"","overlay-color":"","overlay-opacity":"","overlay-gradient":""},"tablet":{"background-color":"var(--ast-global-color-5)","background-image":"","background-repeat":"repeat","background-position":"center center","background-size":"auto","background-attachment":"scroll","background-type":"","background-media":"","overlay-type":"","overlay-color":"","overlay-opacity":"","overlay-gradient":""},"mobile":{"background-color":"var(--ast-global-color-5)","background-image":"","background-repeat":"repeat","background-position":"center center","background-size":"auto","background-attachment":"scroll","background-type":"","background-media":"","overlay-type":"","overlay-color":"","overlay-opacity":"","overlay-gradient":""}},"footnotes":""},"class_list":["post-1306","page","type-page","status-publish","hentry"],"uagb_featured_image_src":{"full":false,"thumbnail":false,"medium":false,"medium_large":false,"large":false,"1536x1536":false,"2048x2048":false},"uagb_author_info":{"display_name":"admin4813","author_link":"https:\/\/lartestunjardin.fr\/lartestunjardin\/author\/admin4813\/"},"uagb_comment_info":0,"uagb_excerpt":"Partager l&rsquo;\u00e9merveillement de la culture etde l&rsquo;art avec les plus fragiles L\u2019Art est un jardin est une association nationale cr\u00e9\u00e9e en juillet 2024 \u00e0 Azolette (Rh\u00f4ne) et pr\u00e9sente aujourd\u2019hui dans 7 d\u00e9partements. Elle rassemble des b\u00e9n\u00e9voles anim\u00e9s par la volont\u00e9 de d\u00e9velopper des projets favorisant l\u2019acc\u00e8s \u00e0 la culture et \u00e0 la pratique artistique aupr\u00e8s\u2026","jetpack_sharing_enabled":true,"_links":{"self":[{"href":"https:\/\/lartestunjardin.fr\/lartestunjardin\/wp-json\/wp\/v2\/pages\/1306","targetHints":{"allow":["GET"]}}],"collection":[{"href":"https:\/\/lartestunjardin.fr\/lartestunjardin\/wp-json\/wp\/v2\/pages"}],"about":[{"href":"https:\/\/lartestunjardin.fr\/lartestunjardin\/wp-json\/wp\/v2\/types\/page"}],"author":[{"embeddable":true,"href":"https:\/\/lartestunjardin.fr\/lartestunjardin\/wp-json\/wp\/v2\/users\/1"}],"replies":[{"embeddable":true,"href":"https:\/\/lartestunjardin.fr\/lartestunjardin\/wp-json\/wp\/v2\/comments?post=1306"}],"version-history":[{"count":48,"href":"https:\/\/lartestunjardin.fr\/lartestunjardin\/wp-json\/wp\/v2\/pages\/1306\/revisions"}],"predecessor-version":[{"id":1444,"href":"https:\/\/lartestunjardin.fr\/lartestunjardin\/wp-json\/wp\/v2\/pages\/1306\/revisions\/1444"}],"wp:attachment":[{"href":"https:\/\/lartestunjardin.fr\/lartestunjardin\/wp-json\/wp\/v2\/media?parent=1306"}],"curies":[{"name":"wp","href":"https:\/\/api.w.org\/{rel}","templated":true}]}}